{"id":7655,"date":"2016-04-05T07:11:50","date_gmt":"2016-04-05T11:11:50","guid":{"rendered":"https:\/\/bbn1.bbnradio.org\/english\/?page_id=7655"},"modified":"2018-05-21T15:14:44","modified_gmt":"2018-05-21T20:14:44","slug":"o-lar-cristao-as-memorias-de-casa-bbn","status":"publish","type":"page","link":"https:\/\/bbn1.bbnradio.org\/portuguese\/ferramentas-inicial\/o-lar-cristao\/o-lar-cristao-as-memorias-de-casa-bbn\/","title":{"rendered":"O Lar Crist\u00e3o &#8211; As Mem\u00f3rias de Casa"},"content":{"rendered":"\n<style type=\"text\/css\" data-created_by=\"avia_inline_auto\" id=\"style-css-av-av_image-1dc0dea87b87d7800efa17abf8c8105b\">\n.avia-image-container.av-av_image-1dc0dea87b87d7800efa17abf8c8105b img.avia_image{\nbox-shadow:none;\n}\n.avia-image-container.av-av_image-1dc0dea87b87d7800efa17abf8c8105b .av-image-caption-overlay-center{\ncolor:#ffffff;\n}\n<\/style>\n<div  class='avia-image-container av-av_image-1dc0dea87b87d7800efa17abf8c8105b av-styling- avia-align-center  avia-builder-el-0  el_before_av_textblock  avia-builder-el-first '   itemprop=\"image\" itemscope=\"itemscope\" itemtype=\"https:\/\/schema.org\/ImageObject\" ><div class=\"avia-image-container-inner\"><div class=\"avia-image-overlay-wrap\"><img decoding=\"async\" fetchpriority=\"high\" class='wp-image-8610 avia-img-lazy-loading-not-8610 avia_image ' src=\"https:\/\/bbn1.bbnradio.org\/portuguese\/wp-content\/uploads\/sites\/6\/2016\/04\/A-Christian-Home-The-Memories-of-Home.jpg\" alt='A Christian Home \u2013 The Memories of Home' title='A Christian Home \u2013 The Memories of Home'  height=\"321\" width=\"613\"  itemprop=\"thumbnailUrl\"  \/><\/div><\/div><\/div>\n<section  class='av_textblock_section av-av_textblock-2de302bf1aa3cf4c9157dbe6f50ac7eb '   itemscope=\"itemscope\" itemtype=\"https:\/\/schema.org\/CreativeWork\" ><div class='avia_textblock'  itemprop=\"text\" ><p><b>AS MEM\u00d3RIAS DE CASA<\/b><\/p>\n<p>Ao vivermos cada dia, estamos formando mem\u00f3rias. A cada dia adiciona-se mais e determina-se seu car\u00e1ter final. Freq\u00fcentemente, nos sentamos por horas com nossos filhos e netos e conversamos sobre nosso lar e refletimos sobre o passado. Quando estamos juntos, rimos, choramos, e louvamos a Deus pelo maravilhoso lar que Ele nos deu. Inevitavelmente, algu\u00e9m diz, \u2018Se lembra quando&#8230;?\u2019 Parte do sofrimento e tristeza de Cristo aqui na terra deve-se ao fato de Ele estar longe do lar de seu Pai. Isto deve ser mais ou menos como ser\u00e1 o c\u00e9u. Constantemente estamos formando mem\u00f3rias, e o processo desta forma\u00e7\u00e3o determinar\u00e1 a maneira como vivemos. Nossas mem\u00f3rias far\u00e3o nossa velhice feliz ou infeliz. Eis o que elas fazem! Nossas mem\u00f3rias mais agrad\u00e1veis deveriam estar na vida di\u00e1ria de um lar crist\u00e3o, tanto as nossas, quanto de nossos filhos.<\/p>\n<p>As mem\u00f3rias de casa deveriam incluir as refei\u00e7\u00f5es, ora\u00e7\u00f5es, e jogos que compartilhamos. As viagens que fizemos, os animais que tivemos e a divers\u00e3o e batalhas que tivemos. Sempre houve conflitos, e deles tamb\u00e9m compartilhamos. Como fam\u00edlia, formamos mem\u00f3rias a cada dia da semana, pois voc\u00ea nunca sabe quando ser\u00e1 a \u00faltima. A vida \u00e9 t\u00e3o incerta que nunca sabemos quando faremos nossa ultima refei\u00e7\u00e3o,\u00faltima conversa, ou quando daremos juntos o \u00faltimo passeio. Eu conhe\u00e7o uma fam\u00edlia que parou de fazer todas as liga\u00e7\u00f5es telef\u00f4nicas, e-mail, bilhetes e se afastaram uns dos outros sem dizer \u201ceu te amo\u201d. Nunca saia da casa de manh\u00e3 com um mal-entendido, palavras feias ou amargas ou um sil\u00eancio mal-humorado pois estas coisas podem se cristalizar na mem\u00f3ria para o resto da vida. A melhor defesa para o lar s\u00e3o aquelas 7 palavras especiais que mencionamos no in\u00edcio, \u201csinto muito\u201d , \u201cme perdoe\u201d, e \u201ceu te amo\u201d \u201ca resposta branda desvia o furor, mas a palavra dura suscita a ira.\u201d (Prov\u00e9rbios 15:1).<\/p>\n<p>Conta-se a historia de um jovem que tinha uma natureza d\u00f3cil e gentil que saiu de casa para ir para o trabalho. Nem uma hora se passou e seu corpo foi levado para casa. O andaime sobre o qual ele trabalhava caiu e ele morreu. Uma de suas irm\u00e3s estava mais arrasada que as outras. Ela parecia ter uma tristeza peculiar. Ela dizia apenas \u201ceu n\u00e3o fui boa para ele nesta manh\u00e3 .\u201d<\/p>\n<p>Mem\u00f3rias! Uma vez feitas s\u00e3o eternas e n\u00e3o podem ser mudadas!<\/p>\n<p><b>As crian\u00e7as tamb\u00e9m t\u00eam mem\u00f3rias <\/b><\/p>\n<p>Tendo j\u00e1 viajado por muitas cidades e visto grandes multid\u00f5es movendo-se para cima e para baixo nas ruas, entrando e saindo de grandes pr\u00e9dios, j\u00e1 me acostumei a ver gente correndo em todas as dire\u00e7\u00f5es. Todas as vezes, me lembro que cada uma destas pessoas carregam em seus cora\u00e7\u00f5es e vida a impress\u00e3o de um lar do qual vieram.<\/p>\n<p>Que tipo de mem\u00f3rias seus filhos ter\u00e3o de casa ? Ser\u00e3o mem\u00f3rias de pais que amavam a Jesus Cristo e continuamente buscavam a B\u00edblia como dire\u00e7\u00e3o para suas vidas? Ser\u00e3o mem\u00f3rias de conforto, inspira\u00e7\u00e3o, encorajamento, e b\u00ean\u00e7\u00e3os ou haver\u00e1 mem\u00f3rias de amargura, sofrimento e maldi\u00e7\u00e3o? Podemos encarar o assunto de frente, tendo certeza que os filhos que colocamos no mundo jamais escapar\u00e3o das mem\u00f3rias e influ\u00eancia do lar. Se a inf\u00e2ncia no lar foi boa e doce, sua ben\u00e7\u00e3o o acompanhar\u00e1 por toda a vida.<\/p>\n<p>\u201cO pecado pode varrer a alma como fogo devastador; a tristeza pode apagar toda alegria e esperan\u00e7a; mas a mem\u00f3ria de um lar doce e aben\u00e7oado vive como uma estrela solit\u00e1ria brilhando no profundo da noite. E mesmo em meio ao pecado, sua imagem flutua diante da mente como um sonho passageiro.\u201d<\/p>\n<p>Aqui est\u00e1 o testemunho de um homem: \u201cMuitas vezes \u00e0 noite me lembro de estar deitado na c\u00e2mara superior antes do sono chegar. Um passo suave pisava no degrau, a porta se abria quase sem ru\u00eddo, uma silhueta bem conhecida aparecia, atravessando com leveza a escurid\u00e3o, chegando at\u00e9 minha cama. Primeiro, havia algumas boas perguntas de afei\u00e7\u00e3o, que gradualmente se tornavam em conselhos. Ent\u00e3o, se ajoelhando com sua cabe\u00e7a perto da minha, suas esperan\u00e7as mais sinceras eram expressas em ora\u00e7\u00e3o. Qu\u00e3o profundamente uma m\u00e3e pode desejar o bem para seu filho! Suas l\u00e1grimas falavam de seu sincero desejo. Ainda parece que sinto as l\u00e1grimas que caiam em minha face. Ao se levantar, com um beijo de boa noite, ele se ia.\u201d<\/p>\n<p>Uma mem\u00f3ria como esta \u00e9 o maior presente que um pai pode deixar para seu filho. Ser\u00e1 um farol para guardar contra a tenta\u00e7\u00e3o e pecado. Uma corrente dourada conduzindo a crian\u00e7a aos p\u00e9s de Deus. Vale a pena preencher a vida de uma crian\u00e7a com mem\u00f3rias assim? Qu\u00e3o descuidados como pais podemos ser! Deus nos ajude e perdoe!<\/p>\n<p>\u00c0s vezes, a tristeza n\u00e3o \u00e9 tratada apropriadamente. Quando um lar \u00e9 crist\u00e3o de verdade, a tristeza n\u00e3o apaga todas as luzes. \u00c0s vezes torna o lar mais terno e amoroso. Aproxima o lar de Deus. Uma tristeza santificada transfigura um lar, e traz mais de Deus para ele. Assim muitas vezes, mem\u00f3rias tristes se tornam nos la\u00e7os mais ternos e firmes, que unem o lar e seus cora\u00e7\u00f5es.<\/p>\n<p>Ao encerrarmos este livreto, h\u00e1 algumas coisas que jamais podemos esquecer. Temos que ter Cristo em nossos lares para que todas as nossas mem\u00f3rias sejam como deveriam ser.Deve haver um altar da fam\u00edlia onde por um momento todo dia a fam\u00edlia se re\u00fana para ouvir a palavra de Deus e orarem juntos. Neste s\u00e9culo 21 estamos velozmente nos movendo mais r\u00e1pido no mundo. Breve tudo que vivemos n\u00e3o passar\u00e1 de mem\u00f3rias. A funda\u00e7\u00e3o mais forte que dar\u00e1 estabilidade, dire\u00e7\u00e3o e prop\u00f3sito em nossas vidas e um lar crist\u00e3o. (I Cor. 3:11-13).<\/p>\n<p>Uma bela hist\u00f3ria \u00e9 a de Mozart. Sua \u00faltima composi\u00e7\u00e3o musical foi seu R\u00e9quiem. Depois de dias de doen\u00e7a e trabalho infatig\u00e1vel, estava acabado. Sua bela filha Emily entrou no quarto justo na hora em que escrevia as \u00faltimas notas, e Mozart deu-a um manuscrito dizendo: \u201cMinha bonita Emily, est\u00e1 tudo acabado; meu r\u00e9quiem est\u00e1 acabado e eu tamb\u00e9m estou.\u201d<\/p>\n<p>\u201cN\u00e3o diga isto querido papai,\u201d dizia a gentil Emily \u201co senhor at\u00e9 parece mais forte hoje.\u201d<\/p>\n<p>\u201cEu nunca mais vou ficar bem de novo\u201d respondeu o pai, \u201cmas aqui, Emily, sente-se ao piano e toque aquelas notas e cante-as com os hinos de sua santa m\u00e3e\u201d.<\/p>\n<p>Emily obedeceu, cantando com a voz enriquecida por uma terna emo\u00e7\u00e3o.<\/p>\n<p>Ent\u00e3o, quando acabou, ela saiu do piano, esperando o sorriso de aprova\u00e7\u00e3o de seu pai; mas viu somente o olhar de paz em suas fei\u00e7\u00f5es e o selo da morte. Ele tinha ido para casa ao som de seu pr\u00f3prio R\u00e9quiem.<\/p>\n<p>Ou\u00e7a o que digo, n\u00e3o haver\u00e1 r\u00e9quiem t\u00e3o doce ao cora\u00e7\u00e3o na \u00faltima hora da vida terrena como o r\u00e9quiem de mem\u00f3rias aben\u00e7oadas e santas. A m\u00fasica do cora\u00e7\u00e3o ser\u00e1 mais doce que as can\u00e7\u00f5es dos anjos. Que Deus nos ajude a viver num lar t\u00e3o agrad\u00e1vel. Uma das maiores recompensas ser\u00e3o nossos filhos, netos, e gera\u00e7\u00f5es futuras que seguiram nosso exemplo enquanto constru\u00edmos um lar crist\u00e3o onde Jesus Cristo estava continuamente convidado e sua preciosa palavra tenha sido nosso padr\u00e3o e guia. Vamos tornar nosso lar um lugar onde \u201centesourando para si mesmos um bom fundamento para o futuro, para que possam alcan\u00e7ar a verdadeira vida.\u201d (1Tim\u00f3teo 6:19).<\/p>\n<p>Deixe que nossos alvos evidenciem este fato. O lugar mais pr\u00f3ximo do c\u00e9u \u00e9 o lar crist\u00e3o!<\/p>\n<\/div><\/section>\n<!-- AddThis Advanced Settings generic via filter on the_content --><!-- AddThis Share Buttons generic via filter on the_content -->","protected":false},"excerpt":{"rendered":"<p><!-- AddThis Advanced Settings generic via filter on get_the_excerpt --><!-- AddThis Share Buttons generic via filter on get_the_excerpt --><\/p>\n","protected":false},"author":22,"featured_media":8610,"parent":4940,"menu_order":0,"comment_status":"closed","ping_status":"closed","template":"","meta":{"jetpack_post_was_ever_published":false,"footnotes":""},"categories":[],"tags":[],"class_list":["post-7655","page","type-page","status-publish","has-post-thumbnail","hentry"],"yoast_head":"<!-- This site is optimized with the Yoast SEO Premium plugin v24.8 (Yoast SEO v24.8.1) - https:\/\/yoast.com\/wordpress\/plugins\/seo\/ -->\n<title>O Lar Crist\u00e3o - As Mem\u00f3rias de Casa<\/title>\n<meta name=\"description\" content=\"Ao vivermos cada dia, estamos formando mem\u00f3rias. Freq\u00fcentemente, nos sentamos por horas com nossos filhos e netos e conversamos sobre nosso lar e refletimos sobre o passado. Quando estamos juntos, rimos, choramos, e louvamos a Deus pelo maravilhoso lar que Ele nos deu.\" \/>\n<meta name=\"robots\" content=\"index, follow, max-snippet:-1, max-image-preview:large, max-video-preview:-1\" \/>\n<link rel=\"canonical\" href=\"https:\/\/bbn1.bbnradio.org\/portuguese\/ferramentas-inicial\/o-lar-cristao\/o-lar-cristao-as-memorias-de-casa-bbn\/\" \/>\n<meta property=\"og:locale\" content=\"pt_BR\" \/>\n<meta property=\"og:type\" content=\"article\" \/>\n<meta property=\"og:title\" content=\"O Lar Crist\u00e3o - As Mem\u00f3rias de Casa\" \/>\n<meta property=\"og:description\" content=\"Ao vivermos cada dia, estamos formando mem\u00f3rias. Freq\u00fcentemente, nos sentamos por horas com nossos filhos e netos e conversamos sobre nosso lar e refletimos sobre o passado. Quando estamos juntos, rimos, choramos, e louvamos a Deus pelo maravilhoso lar que Ele nos deu.\" \/>\n<meta property=\"og:url\" content=\"https:\/\/bbn1.bbnradio.org\/portuguese\/ferramentas-inicial\/o-lar-cristao\/o-lar-cristao-as-memorias-de-casa-bbn\/\" \/>\n<meta property=\"og:site_name\" content=\"BBN\" \/>\n<meta property=\"article:publisher\" content=\"https:\/\/www.facebook.com\/BBNPortugues\" \/>\n<meta property=\"article:modified_time\" content=\"2018-05-21T20:14:44+00:00\" \/>\n<meta name=\"twitter:card\" content=\"summary_large_image\" \/>\n<meta name=\"twitter:title\" content=\"O Lar Crist\u00e3o - As Mem\u00f3rias de Casa\" \/>\n<meta name=\"twitter:description\" content=\"Ao vivermos cada dia, estamos formando mem\u00f3rias. Freq\u00fcentemente, nos sentamos por horas com nossos filhos e netos e conversamos sobre nosso lar e refletimos sobre o passado. Quando estamos juntos, rimos, choramos, e louvamos a Deus pelo maravilhoso lar que Ele nos deu.\" \/>\n<meta name=\"twitter:image\" content=\"https:\/\/bbn1.bbnradio.org\/english\/wp-content\/uploads\/sites\/2\/2016\/04\/A-Christian-Home-The-Memories-of-Home.jpg\" \/>\n<meta name=\"twitter:site\" content=\"@BBNPortugues\" \/>\n<meta name=\"twitter:label1\" content=\"Est. tempo de leitura\" \/>\n\t<meta name=\"twitter:data1\" content=\"7 minutos\" \/>\n<script type=\"application\/ld+json\" class=\"yoast-schema-graph\">{\"@context\":\"https:\/\/schema.org\",\"@graph\":[{\"@type\":\"WebPage\",\"@id\":\"https:\/\/bbn1.bbnradio.org\/portuguese\/ferramentas-inicial\/o-lar-cristao\/o-lar-cristao-as-memorias-de-casa-bbn\/\",\"url\":\"https:\/\/bbn1.bbnradio.org\/portuguese\/ferramentas-inicial\/o-lar-cristao\/o-lar-cristao-as-memorias-de-casa-bbn\/\",\"name\":\"O Lar Crist\u00e3o - As Mem\u00f3rias de Casa\",\"isPartOf\":{\"@id\":\"https:\/\/bbn1.bbnradio.org\/portuguese\/#website\"},\"primaryImageOfPage\":{\"@id\":\"https:\/\/bbn1.bbnradio.org\/portuguese\/ferramentas-inicial\/o-lar-cristao\/o-lar-cristao-as-memorias-de-casa-bbn\/#primaryimage\"},\"image\":{\"@id\":\"https:\/\/bbn1.bbnradio.org\/portuguese\/ferramentas-inicial\/o-lar-cristao\/o-lar-cristao-as-memorias-de-casa-bbn\/#primaryimage\"},\"thumbnailUrl\":\"https:\/\/bbn1.bbnradio.org\/portuguese\/wp-content\/uploads\/sites\/6\/2016\/04\/A-Christian-Home-The-Memories-of-Home.jpg\",\"datePublished\":\"2016-04-05T11:11:50+00:00\",\"dateModified\":\"2018-05-21T20:14:44+00:00\",\"description\":\"Ao vivermos cada dia, estamos formando mem\u00f3rias. Freq\u00fcentemente, nos sentamos por horas com nossos filhos e netos e conversamos sobre nosso lar e refletimos sobre o passado. Quando estamos juntos, rimos, choramos, e louvamos a Deus pelo maravilhoso lar que Ele nos deu.\",\"breadcrumb\":{\"@id\":\"https:\/\/bbn1.bbnradio.org\/portuguese\/ferramentas-inicial\/o-lar-cristao\/o-lar-cristao-as-memorias-de-casa-bbn\/#breadcrumb\"},\"inLanguage\":\"pt-BR\",\"potentialAction\":[{\"@type\":\"ReadAction\",\"target\":[\"https:\/\/bbn1.bbnradio.org\/portuguese\/ferramentas-inicial\/o-lar-cristao\/o-lar-cristao-as-memorias-de-casa-bbn\/\"]}]},{\"@type\":\"ImageObject\",\"inLanguage\":\"pt-BR\",\"@id\":\"https:\/\/bbn1.bbnradio.org\/portuguese\/ferramentas-inicial\/o-lar-cristao\/o-lar-cristao-as-memorias-de-casa-bbn\/#primaryimage\",\"url\":\"https:\/\/bbn1.bbnradio.org\/portuguese\/wp-content\/uploads\/sites\/6\/2016\/04\/A-Christian-Home-The-Memories-of-Home.jpg\",\"contentUrl\":\"https:\/\/bbn1.bbnradio.org\/portuguese\/wp-content\/uploads\/sites\/6\/2016\/04\/A-Christian-Home-The-Memories-of-Home.jpg\",\"width\":1200,\"height\":628,\"caption\":\"A Christian Home \u2013 The Memories of Home\"},{\"@type\":\"BreadcrumbList\",\"@id\":\"https:\/\/bbn1.bbnradio.org\/portuguese\/ferramentas-inicial\/o-lar-cristao\/o-lar-cristao-as-memorias-de-casa-bbn\/#breadcrumb\",\"itemListElement\":[{\"@type\":\"ListItem\",\"position\":1,\"name\":\"Home\",\"item\":\"https:\/\/bbn1.bbnradio.org\/portuguese\/inicio\/\"},{\"@type\":\"ListItem\",\"position\":2,\"name\":\"Ferramentas &#8211; Inicial\",\"item\":\"https:\/\/bbn1.bbnradio.org\/portuguese\/ferramentas-inicial\/\"},{\"@type\":\"ListItem\",\"position\":3,\"name\":\"O Lar Crist\u00e3o\",\"item\":\"https:\/\/bbn1.bbnradio.org\/portuguese\/ferramentas-inicial\/o-lar-cristao\/\"},{\"@type\":\"ListItem\",\"position\":4,\"name\":\"O Lar Crist\u00e3o &#8211; As Mem\u00f3rias de Casa\"}]},{\"@type\":\"WebSite\",\"@id\":\"https:\/\/bbn1.bbnradio.org\/portuguese\/#website\",\"url\":\"https:\/\/bbn1.bbnradio.org\/portuguese\/\",\"name\":\"BBN Portuguese\",\"description\":\"BBN\",\"potentialAction\":[{\"@type\":\"SearchAction\",\"target\":{\"@type\":\"EntryPoint\",\"urlTemplate\":\"https:\/\/bbn1.bbnradio.org\/portuguese\/?s={search_term_string}\"},\"query-input\":{\"@type\":\"PropertyValueSpecification\",\"valueRequired\":true,\"valueName\":\"search_term_string\"}}],\"inLanguage\":\"pt-BR\"}]}<\/script>\n<!-- \/ Yoast SEO Premium plugin. -->","yoast_head_json":{"title":"O Lar Crist\u00e3o - As Mem\u00f3rias de Casa","description":"Ao vivermos cada dia, estamos formando mem\u00f3rias. Freq\u00fcentemente, nos sentamos por horas com nossos filhos e netos e conversamos sobre nosso lar e refletimos sobre o passado. Quando estamos juntos, rimos, choramos, e louvamos a Deus pelo maravilhoso lar que Ele nos deu.","robots":{"index":"index","follow":"follow","max-snippet":"max-snippet:-1","max-image-preview":"max-image-preview:large","max-video-preview":"max-video-preview:-1"},"canonical":"https:\/\/bbn1.bbnradio.org\/portuguese\/ferramentas-inicial\/o-lar-cristao\/o-lar-cristao-as-memorias-de-casa-bbn\/","og_locale":"pt_BR","og_type":"article","og_title":"O Lar Crist\u00e3o - As Mem\u00f3rias de Casa","og_description":"Ao vivermos cada dia, estamos formando mem\u00f3rias. Freq\u00fcentemente, nos sentamos por horas com nossos filhos e netos e conversamos sobre nosso lar e refletimos sobre o passado. Quando estamos juntos, rimos, choramos, e louvamos a Deus pelo maravilhoso lar que Ele nos deu.","og_url":"https:\/\/bbn1.bbnradio.org\/portuguese\/ferramentas-inicial\/o-lar-cristao\/o-lar-cristao-as-memorias-de-casa-bbn\/","og_site_name":"BBN","article_publisher":"https:\/\/www.facebook.com\/BBNPortugues","article_modified_time":"2018-05-21T20:14:44+00:00","twitter_card":"summary_large_image","twitter_title":"O Lar Crist\u00e3o - As Mem\u00f3rias de Casa","twitter_description":"Ao vivermos cada dia, estamos formando mem\u00f3rias. Freq\u00fcentemente, nos sentamos por horas com nossos filhos e netos e conversamos sobre nosso lar e refletimos sobre o passado. Quando estamos juntos, rimos, choramos, e louvamos a Deus pelo maravilhoso lar que Ele nos deu.","twitter_image":"https:\/\/bbn1.bbnradio.org\/english\/wp-content\/uploads\/sites\/2\/2016\/04\/A-Christian-Home-The-Memories-of-Home.jpg","twitter_site":"@BBNPortugues","twitter_misc":{"Est. tempo de leitura":"7 minutos"},"schema":{"@context":"https:\/\/schema.org","@graph":[{"@type":"WebPage","@id":"https:\/\/bbn1.bbnradio.org\/portuguese\/ferramentas-inicial\/o-lar-cristao\/o-lar-cristao-as-memorias-de-casa-bbn\/","url":"https:\/\/bbn1.bbnradio.org\/portuguese\/ferramentas-inicial\/o-lar-cristao\/o-lar-cristao-as-memorias-de-casa-bbn\/","name":"O Lar Crist\u00e3o - As Mem\u00f3rias de Casa","isPartOf":{"@id":"https:\/\/bbn1.bbnradio.org\/portuguese\/#website"},"primaryImageOfPage":{"@id":"https:\/\/bbn1.bbnradio.org\/portuguese\/ferramentas-inicial\/o-lar-cristao\/o-lar-cristao-as-memorias-de-casa-bbn\/#primaryimage"},"image":{"@id":"https:\/\/bbn1.bbnradio.org\/portuguese\/ferramentas-inicial\/o-lar-cristao\/o-lar-cristao-as-memorias-de-casa-bbn\/#primaryimage"},"thumbnailUrl":"https:\/\/bbn1.bbnradio.org\/portuguese\/wp-content\/uploads\/sites\/6\/2016\/04\/A-Christian-Home-The-Memories-of-Home.jpg","datePublished":"2016-04-05T11:11:50+00:00","dateModified":"2018-05-21T20:14:44+00:00","description":"Ao vivermos cada dia, estamos formando mem\u00f3rias. Freq\u00fcentemente, nos sentamos por horas com nossos filhos e netos e conversamos sobre nosso lar e refletimos sobre o passado. Quando estamos juntos, rimos, choramos, e louvamos a Deus pelo maravilhoso lar que Ele nos deu.","breadcrumb":{"@id":"https:\/\/bbn1.bbnradio.org\/portuguese\/ferramentas-inicial\/o-lar-cristao\/o-lar-cristao-as-memorias-de-casa-bbn\/#breadcrumb"},"inLanguage":"pt-BR","potentialAction":[{"@type":"ReadAction","target":["https:\/\/bbn1.bbnradio.org\/portuguese\/ferramentas-inicial\/o-lar-cristao\/o-lar-cristao-as-memorias-de-casa-bbn\/"]}]},{"@type":"ImageObject","inLanguage":"pt-BR","@id":"https:\/\/bbn1.bbnradio.org\/portuguese\/ferramentas-inicial\/o-lar-cristao\/o-lar-cristao-as-memorias-de-casa-bbn\/#primaryimage","url":"https:\/\/bbn1.bbnradio.org\/portuguese\/wp-content\/uploads\/sites\/6\/2016\/04\/A-Christian-Home-The-Memories-of-Home.jpg","contentUrl":"https:\/\/bbn1.bbnradio.org\/portuguese\/wp-content\/uploads\/sites\/6\/2016\/04\/A-Christian-Home-The-Memories-of-Home.jpg","width":1200,"height":628,"caption":"A Christian Home \u2013 The Memories of Home"},{"@type":"BreadcrumbList","@id":"https:\/\/bbn1.bbnradio.org\/portuguese\/ferramentas-inicial\/o-lar-cristao\/o-lar-cristao-as-memorias-de-casa-bbn\/#breadcrumb","itemListElement":[{"@type":"ListItem","position":1,"name":"Home","item":"https:\/\/bbn1.bbnradio.org\/portuguese\/inicio\/"},{"@type":"ListItem","position":2,"name":"Ferramentas &#8211; Inicial","item":"https:\/\/bbn1.bbnradio.org\/portuguese\/ferramentas-inicial\/"},{"@type":"ListItem","position":3,"name":"O Lar Crist\u00e3o","item":"https:\/\/bbn1.bbnradio.org\/portuguese\/ferramentas-inicial\/o-lar-cristao\/"},{"@type":"ListItem","position":4,"name":"O Lar Crist\u00e3o &#8211; As Mem\u00f3rias de Casa"}]},{"@type":"WebSite","@id":"https:\/\/bbn1.bbnradio.org\/portuguese\/#website","url":"https:\/\/bbn1.bbnradio.org\/portuguese\/","name":"BBN Portuguese","description":"BBN","potentialAction":[{"@type":"SearchAction","target":{"@type":"EntryPoint","urlTemplate":"https:\/\/bbn1.bbnradio.org\/portuguese\/?s={search_term_string}"},"query-input":{"@type":"PropertyValueSpecification","valueRequired":true,"valueName":"search_term_string"}}],"inLanguage":"pt-BR"}]}},"jetpack_sharing_enabled":true,"jetpack_shortlink":"https:\/\/wp.me\/P85nO0-1Zt","_links":{"self":[{"href":"https:\/\/bbn1.bbnradio.org\/portuguese\/wp-json\/wp\/v2\/pages\/7655","targetHints":{"allow":["GET"]}}],"collection":[{"href":"https:\/\/bbn1.bbnradio.org\/portuguese\/wp-json\/wp\/v2\/pages"}],"about":[{"href":"https:\/\/bbn1.bbnradio.org\/portuguese\/wp-json\/wp\/v2\/types\/page"}],"author":[{"embeddable":true,"href":"https:\/\/bbn1.bbnradio.org\/portuguese\/wp-json\/wp\/v2\/users\/22"}],"replies":[{"embeddable":true,"href":"https:\/\/bbn1.bbnradio.org\/portuguese\/wp-json\/wp\/v2\/comments?post=7655"}],"version-history":[{"count":2,"href":"https:\/\/bbn1.bbnradio.org\/portuguese\/wp-json\/wp\/v2\/pages\/7655\/revisions"}],"predecessor-version":[{"id":12460,"href":"https:\/\/bbn1.bbnradio.org\/portuguese\/wp-json\/wp\/v2\/pages\/7655\/revisions\/12460"}],"up":[{"embeddable":true,"href":"https:\/\/bbn1.bbnradio.org\/portuguese\/wp-json\/wp\/v2\/pages\/4940"}],"wp:featuredmedia":[{"embeddable":true,"href":"https:\/\/bbn1.bbnradio.org\/portuguese\/wp-json\/wp\/v2\/media\/8610"}],"wp:attachment":[{"href":"https:\/\/bbn1.bbnradio.org\/portuguese\/wp-json\/wp\/v2\/media?parent=7655"}],"wp:term":[{"taxonomy":"category","embeddable":true,"href":"https:\/\/bbn1.bbnradio.org\/portuguese\/wp-json\/wp\/v2\/categories?post=7655"},{"taxonomy":"post_tag","embeddable":true,"href":"https:\/\/bbn1.bbnradio.org\/portuguese\/wp-json\/wp\/v2\/tags?post=7655"}],"curies":[{"name":"wp","href":"https:\/\/api.w.org\/{rel}","templated":true}]}}